{"id":585,"date":"2024-02-27T11:26:45","date_gmt":"2024-02-27T10:26:45","guid":{"rendered":"http:\/\/boks-meteo-lancrans.fr\/?page_id=585"},"modified":"2026-04-01T09:14:05","modified_gmt":"2026-04-01T07:14:05","slug":"le-mois-astral","status":"publish","type":"page","link":"http:\/\/boks-meteo-lancrans.fr\/index.php\/le-mois-astral\/","title":{"rendered":"Le mois astral"},"content":{"rendered":"\t\t<div data-elementor-type=\"wp-page\" data-elementor-id=\"585\" class=\"elementor elementor-585\">\n\t\t\t\t<div class=\"elementor-element elementor-element-37cf34c e-flex e-con-boxed e-con e-parent\" data-id=\"37cf34c\" data-element_type=\"container\" data-e-type=\"container\">\n\t\t\t\t\t<div class=\"e-con-inner\">\n\t\t\t\t<div class=\"elementor-element elementor-element-70e1a82 elementor-widget elementor-widget-heading\" data-id=\"70e1a82\" data-element_type=\"widget\" data-e-type=\"widget\" data-widget_type=\"heading.default\">\n\t\t\t\t<div class=\"elementor-widget-container\">\n\t\t\t\t\t<h2 class=\"elementor-heading-title elementor-size-default\">L'astronomie du mois d'Avril 2026<\/h2>\t\t\t\t<\/div>\n\t\t\t\t<\/div>\n\t\t\t\t\t<\/div>\n\t\t\t\t<\/div>\n\t\t<div class=\"elementor-element elementor-element-4442363 e-flex e-con-boxed e-con e-parent\" data-id=\"4442363\" data-element_type=\"container\" data-e-type=\"container\">\n\t\t\t\t\t<div class=\"e-con-inner\">\n\t\t\t\t<div class=\"elementor-element elementor-element-5403b68 elementor-widget elementor-widget-heading\" data-id=\"5403b68\" data-element_type=\"widget\" data-e-type=\"widget\" data-widget_type=\"heading.default\">\n\t\t\t\t<div class=\"elementor-widget-container\">\n\t\t\t\t\t<h2 class=\"elementor-heading-title elementor-size-default\">Visibilit\u00e9 du ciel pour ce soir<\/h2>\t\t\t\t<\/div>\n\t\t\t\t<\/div>\n\t\t\t\t\t<\/div>\n\t\t\t\t<\/div>\n\t\t<div class=\"elementor-element elementor-element-4075135 e-con-full e-flex e-con e-parent\" data-id=\"4075135\" data-element_type=\"container\" data-e-type=\"container\">\n\t\t\t\t<div class=\"elementor-element elementor-element-b30bfc4 elementor-widget__width-initial elementor-widget elementor-widget-html\" data-id=\"b30bfc4\" data-element_type=\"widget\" data-e-type=\"widget\" data-widget_type=\"html.default\">\n\t\t\t\t<div class=\"elementor-widget-container\">\n\t\t\t\t\t<iframe src=\"https:\/\/www.meteoblue.com\/fr\/meteo\/widget\/seeing\/lancrans_france_3007909?geoloc=fixed&noground=0\"  frameborder=\"0\" scrolling=\"NO\" allowtransparency=\"true\" sandbox=\"allow-same-origin allow-scripts allow-popups allow-popups-to-escape-sandbox\" style=\"width: 520px; height: 774px\"><\/iframe><div><!-- DO NOT REMOVE THIS LINK --><a href=\"https:\/\/www.meteoblue.com\/fr\/meteo\/prevision\/seeing\/lancrans_france_3007909?utm_source=weather_widget&utm_medium=linkus&utm_content=seeing&utm_campaign=Weather%2BWidget\" target=\"_blank\" rel=\"noopener\"><\/a><\/div>\t\t\t\t<\/div>\n\t\t\t\t<\/div>\n\t\t\t\t<\/div>\n\t\t<div class=\"elementor-element elementor-element-c96f1e2 e-flex e-con-boxed e-con e-parent\" data-id=\"c96f1e2\" data-element_type=\"container\" data-e-type=\"container\">\n\t\t\t\t\t<div class=\"e-con-inner\">\n\t\t\t\t<div class=\"elementor-element elementor-element-f4abd49 elementor-widget elementor-widget-heading\" data-id=\"f4abd49\" data-element_type=\"widget\" data-e-type=\"widget\" data-widget_type=\"heading.default\">\n\t\t\t\t<div class=\"elementor-widget-container\">\n\t\t\t\t\t<h2 class=\"elementor-heading-title elementor-size-default\">Les phases de la Lune pour le mois<\/h2>\t\t\t\t<\/div>\n\t\t\t\t<\/div>\n\t\t\t\t<div class=\"elementor-element elementor-element-774ca7b elementor-widget__width-initial elementor-widget elementor-widget-image\" data-id=\"774ca7b\" data-element_type=\"widget\" data-e-type=\"widget\" data-widget_type=\"image.default\">\n\t\t\t\t<div class=\"elementor-widget-container\">\n\t\t\t\t\t\t\t\t\t\t\t\t\t\t\t<img decoding=\"async\" src=\"http:\/\/boks-meteo-lancrans.fr\/wp-content\/uploads\/2026\/04\/Quartier-de-lune.jpg\" title=\"Quartier de lune\" alt=\"Quartier de lune\" loading=\"lazy\" \/>\t\t\t\t\t\t\t\t\t\t\t\t\t\t\t<\/div>\n\t\t\t\t<\/div>\n\t\t\t\t\t<\/div>\n\t\t\t\t<\/div>\n\t\t<div class=\"elementor-element elementor-element-2b24d1c e-flex e-con-boxed e-con e-parent\" data-id=\"2b24d1c\" data-element_type=\"container\" data-e-type=\"container\">\n\t\t\t\t\t<div class=\"e-con-inner\">\n\t\t\t\t<div class=\"elementor-element elementor-element-f1d00cd elementor-widget elementor-widget-heading\" data-id=\"f1d00cd\" data-element_type=\"widget\" data-e-type=\"widget\" data-widget_type=\"heading.default\">\n\t\t\t\t<div class=\"elementor-widget-container\">\n\t\t\t\t\t<h2 class=\"elementor-heading-title elementor-size-default\">Les ph\u00e9nom\u00e8nes du mois<\/h2>\t\t\t\t<\/div>\n\t\t\t\t<\/div>\n\t\t\t\t<div class=\"elementor-element elementor-element-8ac6668 elementor-widget elementor-widget-image\" data-id=\"8ac6668\" data-element_type=\"widget\" data-e-type=\"widget\" data-widget_type=\"image.default\">\n\t\t\t\t<div class=\"elementor-widget-container\">\n\t\t\t\t\t\t\t\t\t\t\t\t\t\t\t<img fetchpriority=\"high\" decoding=\"async\" width=\"692\" height=\"513\" src=\"http:\/\/boks-meteo-lancrans.fr\/wp-content\/uploads\/2026\/04\/Phenomenes-Avril.jpg\" class=\"attachment-large size-large wp-image-6057\" alt=\"\" srcset=\"http:\/\/boks-meteo-lancrans.fr\/wp-content\/uploads\/2026\/04\/Phenomenes-Avril.jpg 692w, http:\/\/boks-meteo-lancrans.fr\/wp-content\/uploads\/2026\/04\/Phenomenes-Avril-300x222.jpg 300w\" sizes=\"(max-width: 692px) 100vw, 692px\" \/>\t\t\t\t\t\t\t\t\t\t\t\t\t\t\t<\/div>\n\t\t\t\t<\/div>\n\t\t\t\t\t<\/div>\n\t\t\t\t<\/div>\n\t\t<div class=\"elementor-element elementor-element-41058e0 e-flex e-con-boxed e-con e-parent\" data-id=\"41058e0\" data-element_type=\"container\" data-e-type=\"container\">\n\t\t\t\t\t<div class=\"e-con-inner\">\n\t\t\t\t<div class=\"elementor-element elementor-element-77d0035 elementor-widget__width-initial elementor-widget elementor-widget-image\" data-id=\"77d0035\" data-element_type=\"widget\" data-e-type=\"widget\" data-widget_type=\"image.default\">\n\t\t\t\t<div class=\"elementor-widget-container\">\n\t\t\t\t\t\t\t\t\t\t\t\t\t\t\t<img decoding=\"async\" src=\"http:\/\/boks-meteo-lancrans.fr\/wp-content\/uploads\/2024\/06\/phase-de-lune-juin.jpg\" title=\"\" alt=\"\" loading=\"lazy\" \/>\t\t\t\t\t\t\t\t\t\t\t\t\t\t\t<\/div>\n\t\t\t\t<\/div>\n\t\t\t\t\t<\/div>\n\t\t\t\t<\/div>\n\t\t<div class=\"elementor-element elementor-element-398bf7c e-con-full e-flex e-con e-parent\" data-id=\"398bf7c\" data-element_type=\"container\" data-e-type=\"container\">\n\t\t\t\t<div class=\"elementor-element elementor-element-6e26feb elementor-widget__width-initial elementor-widget elementor-widget-text-editor\" data-id=\"6e26feb\" data-element_type=\"widget\" data-e-type=\"widget\" data-widget_type=\"text-editor.default\">\n\t\t\t\t<div class=\"elementor-widget-container\">\n\t\t\t\t\t\t\t\t\t<p>Samedi 18 et dimanche 19 au cr\u00e9puscule, une heure et demie apr\u00e8s le coucher du soleil, admirez le passage du jeune croissant de lune \u00e0 c\u00f4t\u00e9 de V\u00e9nus et de l&rsquo;amas des Pl\u00e9iades, au-dessus de l&rsquo;horizon ouest nord-ouest.<\/p>\t\t\t\t\t\t\t\t<\/div>\n\t\t\t\t<\/div>\n\t\t<div class=\"elementor-element elementor-element-7283835 e-con-full e-flex e-con e-child\" data-id=\"7283835\" data-element_type=\"container\" data-e-type=\"container\">\n\t\t\t\t<div class=\"elementor-element elementor-element-96b9cb8 elementor-widget__width-initial elementor-widget elementor-widget-image\" data-id=\"96b9cb8\" data-element_type=\"widget\" data-e-type=\"widget\" data-widget_type=\"image.default\">\n\t\t\t\t<div class=\"elementor-widget-container\">\n\t\t\t\t\t\t\t\t\t\t\t\t\t\t\t<img decoding=\"async\" src=\"http:\/\/boks-meteo-lancrans.fr\/wp-content\/uploads\/2026\/04\/samedi-18-et-19-avril.jpg\" title=\"samedi 18 et 19 avril\" alt=\"samedi 18 et 19 avril\" loading=\"lazy\" \/>\t\t\t\t\t\t\t\t\t\t\t\t\t\t\t<\/div>\n\t\t\t\t<\/div>\n\t\t\t\t<\/div>\n\t\t\t\t<\/div>\n\t\t<div class=\"elementor-element elementor-element-bc475de e-con-full e-flex e-con e-parent\" data-id=\"bc475de\" data-element_type=\"container\" data-e-type=\"container\">\n\t\t\t\t<div class=\"elementor-element elementor-element-fcd4f47 elementor-widget__width-initial elementor-widget elementor-widget-text-editor\" data-id=\"fcd4f47\" data-element_type=\"widget\" data-e-type=\"widget\" data-widget_type=\"text-editor.default\">\n\t\t\t\t<div class=\"elementor-widget-container\">\n\t\t\t\t\t\t\t\t\t<p>Mercredi 22 avril, deux heures apr\u00e8s le coucher du soleil, Jupiter et un gros croissant lunaire, install\u00e9 au-dessus de l&rsquo;horizon ouest.<\/p>\t\t\t\t\t\t\t\t<\/div>\n\t\t\t\t<\/div>\n\t\t\t\t<div class=\"elementor-element elementor-element-e44b0a3 elementor-widget__width-initial elementor-widget elementor-widget-image\" data-id=\"e44b0a3\" data-element_type=\"widget\" data-e-type=\"widget\" data-widget_type=\"image.default\">\n\t\t\t\t<div class=\"elementor-widget-container\">\n\t\t\t\t\t\t\t\t\t\t\t\t\t\t\t<img decoding=\"async\" width=\"575\" height=\"450\" src=\"http:\/\/boks-meteo-lancrans.fr\/wp-content\/uploads\/2026\/04\/mercredi-22-avril.jpg\" class=\"attachment-large size-large wp-image-6059\" alt=\"\" srcset=\"http:\/\/boks-meteo-lancrans.fr\/wp-content\/uploads\/2026\/04\/mercredi-22-avril.jpg 575w, http:\/\/boks-meteo-lancrans.fr\/wp-content\/uploads\/2026\/04\/mercredi-22-avril-300x235.jpg 300w\" sizes=\"(max-width: 575px) 100vw, 575px\" \/>\t\t\t\t\t\t\t\t\t\t\t\t\t\t\t<\/div>\n\t\t\t\t<\/div>\n\t\t\t\t<\/div>\n\t\t<div class=\"elementor-element elementor-element-9b4e9ee e-con-full e-flex e-con e-parent\" data-id=\"9b4e9ee\" data-element_type=\"container\" data-e-type=\"container\">\n\t\t\t\t<div class=\"elementor-element elementor-element-68fb239 elementor-widget elementor-widget-text-editor\" data-id=\"68fb239\" data-element_type=\"widget\" data-e-type=\"widget\" data-widget_type=\"text-editor.default\">\n\t\t\t\t<div class=\"elementor-widget-container\">\n\t\t\t\t\t\t\t\t\t<p>Jeudi 23 et vendredi 24, une heure et demie apr\u00e8s le coucher du soleil, l&rsquo;amas des pl\u00e9iades et Uranus sont dans le voisinage de V\u00e9nus \u00e0 l&rsquo;ouest nord-ouest.<\/p>\t\t\t\t\t\t\t\t<\/div>\n\t\t\t\t<\/div>\n\t\t\t\t<div class=\"elementor-element elementor-element-341a1b8 elementor-widget__width-initial elementor-widget elementor-widget-image\" data-id=\"341a1b8\" data-element_type=\"widget\" data-e-type=\"widget\" data-widget_type=\"image.default\">\n\t\t\t\t<div class=\"elementor-widget-container\">\n\t\t\t\t\t\t\t\t\t\t\t\t\t\t\t<img decoding=\"async\" width=\"576\" height=\"415\" src=\"http:\/\/boks-meteo-lancrans.fr\/wp-content\/uploads\/2026\/04\/23-et-24-avril.jpg\" class=\"attachment-large size-large wp-image-6060\" alt=\"\" srcset=\"http:\/\/boks-meteo-lancrans.fr\/wp-content\/uploads\/2026\/04\/23-et-24-avril.jpg 576w, http:\/\/boks-meteo-lancrans.fr\/wp-content\/uploads\/2026\/04\/23-et-24-avril-300x216.jpg 300w, http:\/\/boks-meteo-lancrans.fr\/wp-content\/uploads\/2026\/04\/23-et-24-avril-120x85.jpg 120w\" sizes=\"(max-width: 576px) 100vw, 576px\" \/>\t\t\t\t\t\t\t\t\t\t\t\t\t\t\t<\/div>\n\t\t\t\t<\/div>\n\t\t\t\t<\/div>\n\t\t\t\t<\/div>\n\t\t","protected":false},"excerpt":{"rendered":"<p>L&rsquo;astronomie du mois d&rsquo;Avril 2026 Visibilit\u00e9 du ciel pour ce soir Les phases de la Lune pour le mois Les ph\u00e9nom\u00e8nes du mois Samedi 18 &hellip; <\/p>\n","protected":false},"author":1,"featured_media":0,"parent":0,"menu_order":0,"comment_status":"closed","ping_status":"closed","template":"","meta":{"footnotes":""},"class_list":["post-585","page","type-page","status-publish","hentry"],"_links":{"self":[{"href":"http:\/\/boks-meteo-lancrans.fr\/index.php\/wp-json\/wp\/v2\/pages\/585","targetHints":{"allow":["GET"]}}],"collection":[{"href":"http:\/\/boks-meteo-lancrans.fr\/index.php\/wp-json\/wp\/v2\/pages"}],"about":[{"href":"http:\/\/boks-meteo-lancrans.fr\/index.php\/wp-json\/wp\/v2\/types\/page"}],"author":[{"embeddable":true,"href":"http:\/\/boks-meteo-lancrans.fr\/index.php\/wp-json\/wp\/v2\/users\/1"}],"replies":[{"embeddable":true,"href":"http:\/\/boks-meteo-lancrans.fr\/index.php\/wp-json\/wp\/v2\/comments?post=585"}],"version-history":[{"count":154,"href":"http:\/\/boks-meteo-lancrans.fr\/index.php\/wp-json\/wp\/v2\/pages\/585\/revisions"}],"predecessor-version":[{"id":6074,"href":"http:\/\/boks-meteo-lancrans.fr\/index.php\/wp-json\/wp\/v2\/pages\/585\/revisions\/6074"}],"wp:attachment":[{"href":"http:\/\/boks-meteo-lancrans.fr\/index.php\/wp-json\/wp\/v2\/media?parent=585"}],"curies":[{"name":"wp","href":"https:\/\/api.w.org\/{rel}","templated":true}]}}