{"id":2394,"date":"2024-08-11T06:40:54","date_gmt":"2024-08-11T04:40:54","guid":{"rendered":"http:\/\/boks-meteo-lancrans.fr\/?page_id=2394"},"modified":"2025-09-18T18:55:49","modified_gmt":"2025-09-18T16:55:49","slug":"observation-celeste","status":"publish","type":"page","link":"http:\/\/boks-meteo-lancrans.fr\/index.php\/observation-celeste\/","title":{"rendered":"Mes observations du ciel profond"},"content":{"rendered":"\t\t<div data-elementor-type=\"wp-page\" data-elementor-id=\"2394\" class=\"elementor elementor-2394\">\n\t\t\t\t<div class=\"elementor-element elementor-element-e681b6c e-flex e-con-boxed e-con e-parent\" data-id=\"e681b6c\" data-element_type=\"container\" data-e-type=\"container\">\n\t\t\t\t\t<div class=\"e-con-inner\">\n\t\t<div class=\"elementor-element elementor-element-5249841 e-con-full e-flex e-con e-child\" data-id=\"5249841\" data-element_type=\"container\" data-e-type=\"container\">\n\t\t\t\t<div class=\"elementor-element elementor-element-e8dd2f9 elementor-widget elementor-widget-image\" data-id=\"e8dd2f9\" data-element_type=\"widget\" data-e-type=\"widget\" data-widget_type=\"image.default\">\n\t\t\t\t<div class=\"elementor-widget-container\">\n\t\t\t\t\t\t\t\t\t\t\t\t\t\t\t<img fetchpriority=\"high\" decoding=\"async\" width=\"367\" height=\"302\" src=\"http:\/\/boks-meteo-lancrans.fr\/wp-content\/uploads\/2025\/09\/NGC-2237_La-rosette_mini.jpg\" class=\"attachment-large size-large wp-image-5063\" alt=\"\" srcset=\"http:\/\/boks-meteo-lancrans.fr\/wp-content\/uploads\/2025\/09\/NGC-2237_La-rosette_mini.jpg 367w, http:\/\/boks-meteo-lancrans.fr\/wp-content\/uploads\/2025\/09\/NGC-2237_La-rosette_mini-300x247.jpg 300w\" sizes=\"(max-width: 367px) 100vw, 367px\" \/>\t\t\t\t\t\t\t\t\t\t\t\t\t\t\t<\/div>\n\t\t\t\t<\/div>\n\t\t\t\t<\/div>\n\t\t<div class=\"elementor-element elementor-element-b858121 e-con-full e-flex e-con e-child\" data-id=\"b858121\" data-element_type=\"container\" data-e-type=\"container\">\n\t\t\t\t<div class=\"elementor-element elementor-element-6aae25c elementor-widget elementor-widget-heading\" data-id=\"6aae25c\" data-element_type=\"widget\" data-e-type=\"widget\" data-widget_type=\"heading.default\">\n\t\t\t\t<div class=\"elementor-widget-container\">\n\t\t\t\t\t<h2 class=\"elementor-heading-title elementor-size-default\">NGC 2237 - N\u00e9buleuse de la Rosette<\/h2>\t\t\t\t<\/div>\n\t\t\t\t<\/div>\n\t\t\t\t<div class=\"elementor-element elementor-element-42b8d80 elementor-widget elementor-widget-text-editor\" data-id=\"42b8d80\" data-element_type=\"widget\" data-e-type=\"widget\" data-widget_type=\"text-editor.default\">\n\t\t\t\t<div class=\"elementor-widget-container\">\n\t\t\t\t\t\t\t\t\t<ul><li><strong>Type : <\/strong>N\u00e9buleuse<\/li><li><strong style=\"font-size: 1.125rem;\">Constellation :<\/strong><span style=\"font-size: 1.125rem;\">\u00a0Licorne<\/span><\/li><li><strong>Magnitude :<\/strong> 9<\/li><li><strong>Ascension droite\u00a0 :\u00a0<\/strong>\u00a0<em>06h 30m 54.6s<\/em><\/li><li><strong>D\u00e9clinaison :<\/strong>\u00a0<em>05\u00b0 02\u2019 57\u201d\u00a0<\/em><\/li><li><strong>Distance ann\u00e9e lumi\u00e8re :<\/strong> 5200<em>\u00a0AL<\/em><\/li><li><strong>Taille apparente :<\/strong> 130 x 110<\/li><\/ul>\t\t\t\t\t\t\t\t<\/div>\n\t\t\t\t<\/div>\n\t\t\t\t<\/div>\n\t\t\t\t\t<\/div>\n\t\t\t\t<\/div>\n\t\t<div class=\"elementor-element elementor-element-49801c8 e-flex e-con-boxed e-con e-parent\" data-id=\"49801c8\" data-element_type=\"container\" data-e-type=\"container\">\n\t\t\t\t\t<div class=\"e-con-inner\">\n\t\t<div class=\"elementor-element elementor-element-8a79ff7 e-con-full e-flex e-con e-child\" data-id=\"8a79ff7\" data-element_type=\"container\" data-e-type=\"container\">\n\t\t\t\t<div class=\"elementor-element elementor-element-485a3e0 elementor-widget elementor-widget-image\" data-id=\"485a3e0\" data-element_type=\"widget\" data-e-type=\"widget\" data-widget_type=\"image.default\">\n\t\t\t\t<div class=\"elementor-widget-container\">\n\t\t\t\t\t\t\t\t\t\t\t\t\t\t\t<img decoding=\"async\" width=\"504\" height=\"382\" src=\"http:\/\/boks-meteo-lancrans.fr\/wp-content\/uploads\/2025\/03\/NGC-2071_mod-1.jpg\" class=\"attachment-large size-large wp-image-4017\" alt=\"\" srcset=\"http:\/\/boks-meteo-lancrans.fr\/wp-content\/uploads\/2025\/03\/NGC-2071_mod-1.jpg 504w, http:\/\/boks-meteo-lancrans.fr\/wp-content\/uploads\/2025\/03\/NGC-2071_mod-1-300x227.jpg 300w\" sizes=\"(max-width: 504px) 100vw, 504px\" \/>\t\t\t\t\t\t\t\t\t\t\t\t\t\t\t<\/div>\n\t\t\t\t<\/div>\n\t\t\t\t<\/div>\n\t\t<div class=\"elementor-element elementor-element-977f02a e-con-full e-flex e-con e-child\" data-id=\"977f02a\" data-element_type=\"container\" data-e-type=\"container\">\n\t\t\t\t<div class=\"elementor-element elementor-element-93eeabc elementor-widget elementor-widget-heading\" data-id=\"93eeabc\" data-element_type=\"widget\" data-e-type=\"widget\" data-widget_type=\"heading.default\">\n\t\t\t\t<div class=\"elementor-widget-container\">\n\t\t\t\t\t<h2 class=\"elementor-heading-title elementor-size-default\">NGC 2071 - N\u00e9buleuse <\/h2>\t\t\t\t<\/div>\n\t\t\t\t<\/div>\n\t\t\t\t<div class=\"elementor-element elementor-element-b5f6dcc elementor-widget elementor-widget-text-editor\" data-id=\"b5f6dcc\" data-element_type=\"widget\" data-e-type=\"widget\" data-widget_type=\"text-editor.default\">\n\t\t\t\t<div class=\"elementor-widget-container\">\n\t\t\t\t\t\t\t\t\t<ul><li><strong>Type : <\/strong>N\u00e9buleuse par r\u00e9flexion<\/li><li><strong>Constellation :<\/strong>\u00a0Orion<\/li><li><strong>Magnitude :<\/strong> 8.3<\/li><li><strong>Ascension droite\u00a0 :\u00a0<\/strong>\u00a0<em>05h 47m 07.2s<\/em><\/li><li><strong>D\u00e9clinaison :<\/strong>\u00a0<em>00\u00b0 17\u2019 39\u201d\u00a0<\/em><\/li><li><strong>Distance ann\u00e9e lumi\u00e8re :<\/strong> 1300<em>\u00a0AL<\/em><\/li><li><strong>Taille apparente :<\/strong> 7 x 5<\/li><\/ul>\t\t\t\t\t\t\t\t<\/div>\n\t\t\t\t<\/div>\n\t\t\t\t<div class=\"elementor-element elementor-element-abc4aae elementor-widget elementor-widget-text-editor\" data-id=\"abc4aae\" data-element_type=\"widget\" data-e-type=\"widget\" data-widget_type=\"text-editor.default\">\n\t\t\t\t<div class=\"elementor-widget-container\">\n\t\t\t\t\t\t\t\t\t<p><a href=\"http:\/\/boks-meteo-lancrans.fr\/index.php\/2025\/03\/02\/ngc-2071-nebuleuse-par-reflexion\/\">Infos compl\u00e9mentaires<\/a><\/p>\t\t\t\t\t\t\t\t<\/div>\n\t\t\t\t<\/div>\n\t\t\t\t<\/div>\n\t\t\t\t\t<\/div>\n\t\t\t\t<\/div>\n\t\t<div class=\"elementor-element elementor-element-911edeb e-flex e-con-boxed e-con e-parent\" data-id=\"911edeb\" data-element_type=\"container\" data-e-type=\"container\">\n\t\t\t\t\t<div class=\"e-con-inner\">\n\t\t<div class=\"elementor-element elementor-element-b5105dc e-con-full e-flex e-con e-child\" data-id=\"b5105dc\" data-element_type=\"container\" data-e-type=\"container\">\n\t\t\t\t<div class=\"elementor-element elementor-element-d324ad9 elementor-widget elementor-widget-image\" data-id=\"d324ad9\" data-element_type=\"widget\" data-e-type=\"widget\" data-widget_type=\"image.default\">\n\t\t\t\t<div class=\"elementor-widget-container\">\n\t\t\t\t\t\t\t\t\t\t\t\t<figure class=\"wp-caption\">\n\t\t\t\t\t\t\t\t\t\t<img decoding=\"async\" width=\"782\" height=\"460\" src=\"http:\/\/boks-meteo-lancrans.fr\/wp-content\/uploads\/2025\/03\/M-78_mod.jpg\" class=\"attachment-large size-large wp-image-3944\" alt=\"\" srcset=\"http:\/\/boks-meteo-lancrans.fr\/wp-content\/uploads\/2025\/03\/M-78_mod.jpg 782w, http:\/\/boks-meteo-lancrans.fr\/wp-content\/uploads\/2025\/03\/M-78_mod-300x176.jpg 300w, http:\/\/boks-meteo-lancrans.fr\/wp-content\/uploads\/2025\/03\/M-78_mod-768x452.jpg 768w\" sizes=\"(max-width: 782px) 100vw, 782px\" \/>\t\t\t\t\t\t\t\t\t\t\t<figcaption class=\"widget-image-caption wp-caption-text\">Photo r\u00e9alis\u00e9 le 16 f\u00e9vrier 2025<\/figcaption>\n\t\t\t\t\t\t\t\t\t\t<\/figure>\n\t\t\t\t\t\t\t\t\t<\/div>\n\t\t\t\t<\/div>\n\t\t\t\t<\/div>\n\t\t<div class=\"elementor-element elementor-element-5ee32cf e-con-full e-flex e-con e-child\" data-id=\"5ee32cf\" data-element_type=\"container\" data-e-type=\"container\">\n\t\t\t\t<div class=\"elementor-element elementor-element-28bbc9b elementor-widget elementor-widget-heading\" data-id=\"28bbc9b\" data-element_type=\"widget\" data-e-type=\"widget\" data-widget_type=\"heading.default\">\n\t\t\t\t<div class=\"elementor-widget-container\">\n\t\t\t\t\t<h2 class=\"elementor-heading-title elementor-size-default\">M 78 - N\u00e9buleuse<\/h2>\t\t\t\t<\/div>\n\t\t\t\t<\/div>\n\t\t\t\t<div class=\"elementor-element elementor-element-1551bae elementor-widget elementor-widget-text-editor\" data-id=\"1551bae\" data-element_type=\"widget\" data-e-type=\"widget\" data-widget_type=\"text-editor.default\">\n\t\t\t\t<div class=\"elementor-widget-container\">\n\t\t\t\t\t\t\t\t\t<ul><li><strong>Type : <\/strong>N\u00e9buleuse par r\u00e9flexion<\/li><li><strong>Constellation :<\/strong>\u00a0Orion<\/li><li><strong>Magnitude :<\/strong> 8.3<\/li><li><strong>Ascension droite\u00a0 :\u00a0<\/strong>\u00a0<em>05h 46m 45.8s<\/em><\/li><li><strong>D\u00e9clinaison :<\/strong>\u00a0<em>00\u00b0 04\u2019 45\u201d\u00a0<\/em><\/li><li><strong>Distance ann\u00e9e lumi\u00e8re :<\/strong> 1600<em>\u00a0AL<\/em><\/li><li><strong>Taille apparente :<\/strong> 8 x 6<\/li><\/ul>\t\t\t\t\t\t\t\t<\/div>\n\t\t\t\t<\/div>\n\t\t\t\t<div class=\"elementor-element elementor-element-e508479 elementor-widget elementor-widget-text-editor\" data-id=\"e508479\" data-element_type=\"widget\" data-e-type=\"widget\" data-widget_type=\"text-editor.default\">\n\t\t\t\t<div class=\"elementor-widget-container\">\n\t\t\t\t\t\t\t\t\t<p><a href=\"http:\/\/boks-meteo-lancrans.fr\/index.php\/2025\/03\/01\/m-78\/\">Infos compl\u00e9mentaires<\/a><\/p>\t\t\t\t\t\t\t\t<\/div>\n\t\t\t\t<\/div>\n\t\t\t\t<\/div>\n\t\t\t\t\t<\/div>\n\t\t\t\t<\/div>\n\t\t<div class=\"elementor-element elementor-element-2eae6c4 e-flex e-con-boxed e-con e-parent\" data-id=\"2eae6c4\" data-element_type=\"container\" data-e-type=\"container\">\n\t\t\t\t\t<div class=\"e-con-inner\">\n\t\t<div class=\"elementor-element elementor-element-951cd8c e-con-full e-flex e-con e-child\" data-id=\"951cd8c\" data-element_type=\"container\" data-e-type=\"container\">\n\t\t\t\t<div class=\"elementor-element elementor-element-2e837be elementor-widget__width-initial elementor-widget elementor-widget-image\" data-id=\"2e837be\" data-element_type=\"widget\" data-e-type=\"widget\" data-widget_type=\"image.default\">\n\t\t\t\t<div class=\"elementor-widget-container\">\n\t\t\t\t\t\t\t\t\t\t\t\t\t\t\t<img loading=\"lazy\" decoding=\"async\" width=\"559\" height=\"529\" src=\"http:\/\/boks-meteo-lancrans.fr\/wp-content\/uploads\/2025\/02\/IC-2175-mod-19_02_25.jpg\" class=\"attachment-large size-large wp-image-3804\" alt=\"\" srcset=\"http:\/\/boks-meteo-lancrans.fr\/wp-content\/uploads\/2025\/02\/IC-2175-mod-19_02_25.jpg 559w, http:\/\/boks-meteo-lancrans.fr\/wp-content\/uploads\/2025\/02\/IC-2175-mod-19_02_25-300x284.jpg 300w\" sizes=\"(max-width: 559px) 100vw, 559px\" \/>\t\t\t\t\t\t\t\t\t\t\t\t\t\t\t<\/div>\n\t\t\t\t<\/div>\n\t\t\t\t<\/div>\n\t\t<div class=\"elementor-element elementor-element-8e29186 e-con-full e-flex e-con e-child\" data-id=\"8e29186\" data-element_type=\"container\" data-e-type=\"container\">\n\t\t\t\t<div class=\"elementor-element elementor-element-95e8d42 elementor-widget elementor-widget-heading\" data-id=\"95e8d42\" data-element_type=\"widget\" data-e-type=\"widget\" data-widget_type=\"heading.default\">\n\t\t\t\t<div class=\"elementor-widget-container\">\n\t\t\t\t\t<h2 class=\"elementor-heading-title elementor-size-default\">NGC 2175 - Amas ouvert<\/h2>\t\t\t\t<\/div>\n\t\t\t\t<\/div>\n\t\t\t\t<div class=\"elementor-element elementor-element-821fa9c elementor-widget elementor-widget-text-editor\" data-id=\"821fa9c\" data-element_type=\"widget\" data-e-type=\"widget\" data-widget_type=\"text-editor.default\">\n\t\t\t\t<div class=\"elementor-widget-container\">\n\t\t\t\t\t\t\t\t\t<ul><li><strong>Type :\u00a0<\/strong>Jeune amas ouvert<\/li><li><strong>Constellation :<\/strong>\u00a0Orion<\/li><li><strong>Magnitude :<\/strong>\u00a0<em>6.8<\/em><\/li><li><strong>Ascension droite\u00a0 :\u00a0<\/strong>\u00a0<em>06h 09m 39.5s<\/em><\/li><li><strong>D\u00e9clinaison :<\/strong>\u00a0<em>20\u00b0 29\u2019 15\u201d\u00a0<\/em><\/li><li><strong>Distance ann\u00e9e lumi\u00e8re :<\/strong> 5310<em>\u00a0AL<\/em><\/li><li><strong>Taille apparente :<\/strong> 18,0<\/li><\/ul>\t\t\t\t\t\t\t\t<\/div>\n\t\t\t\t<\/div>\n\t\t\t\t<div class=\"elementor-element elementor-element-201122d elementor-widget elementor-widget-text-editor\" data-id=\"201122d\" data-element_type=\"widget\" data-e-type=\"widget\" data-widget_type=\"text-editor.default\">\n\t\t\t\t<div class=\"elementor-widget-container\">\n\t\t\t\t\t\t\t\t\t<p><a href=\"http:\/\/boks-meteo-lancrans.fr\/index.php\/2025\/03\/01\/m-78\/\">Infos compl\u00e9mentaires<\/a><\/p>\t\t\t\t\t\t\t\t<\/div>\n\t\t\t\t<\/div>\n\t\t\t\t<\/div>\n\t\t\t\t\t<\/div>\n\t\t\t\t<\/div>\n\t\t<div class=\"elementor-element elementor-element-36f860a e-flex e-con-boxed e-con e-parent\" data-id=\"36f860a\" data-element_type=\"container\" data-e-type=\"container\">\n\t\t\t\t\t<div class=\"e-con-inner\">\n\t\t<div class=\"elementor-element elementor-element-a9c420e e-con-full e-flex e-con e-child\" data-id=\"a9c420e\" data-element_type=\"container\" data-e-type=\"container\">\n\t\t\t\t<div class=\"elementor-element elementor-element-9452635 elementor-widget__width-initial elementor-widget elementor-widget-image\" data-id=\"9452635\" data-element_type=\"widget\" data-e-type=\"widget\" data-widget_type=\"image.default\">\n\t\t\t\t<div class=\"elementor-widget-container\">\n\t\t\t\t\t\t\t\t\t\t\t\t\t\t\t<img loading=\"lazy\" decoding=\"async\" width=\"556\" height=\"641\" src=\"http:\/\/boks-meteo-lancrans.fr\/wp-content\/uploads\/2025\/02\/NGC-2024-18-02-2025-.jpg\" class=\"attachment-large size-large wp-image-3785\" alt=\"\" srcset=\"http:\/\/boks-meteo-lancrans.fr\/wp-content\/uploads\/2025\/02\/NGC-2024-18-02-2025-.jpg 556w, http:\/\/boks-meteo-lancrans.fr\/wp-content\/uploads\/2025\/02\/NGC-2024-18-02-2025--260x300.jpg 260w\" sizes=\"(max-width: 556px) 100vw, 556px\" \/>\t\t\t\t\t\t\t\t\t\t\t\t\t\t\t<\/div>\n\t\t\t\t<\/div>\n\t\t\t\t<\/div>\n\t\t<div class=\"elementor-element elementor-element-938cd61 e-con-full e-flex e-con e-child\" data-id=\"938cd61\" data-element_type=\"container\" data-e-type=\"container\">\n\t\t\t\t<div class=\"elementor-element elementor-element-836f06b elementor-widget elementor-widget-heading\" data-id=\"836f06b\" data-element_type=\"widget\" data-e-type=\"widget\" data-widget_type=\"heading.default\">\n\t\t\t\t<div class=\"elementor-widget-container\">\n\t\t\t\t\t<h2 class=\"elementor-heading-title elementor-size-default\">NGC 2024 - N\u00e9buleuse de la flamme<\/h2>\t\t\t\t<\/div>\n\t\t\t\t<\/div>\n\t\t\t\t<div class=\"elementor-element elementor-element-c2cefac elementor-widget elementor-widget-text-editor\" data-id=\"c2cefac\" data-element_type=\"widget\" data-e-type=\"widget\" data-widget_type=\"text-editor.default\">\n\t\t\t\t<div class=\"elementor-widget-container\">\n\t\t\t\t\t\t\t\t\t<ul><li><strong>Type :\u00a0<\/strong>N\u00e9buleuse en \u00e9mission<\/li><li><strong>Constellation :<\/strong>\u00a0Orion<\/li><li><strong>Magnitude :<\/strong>\u00a0<em>6.8<\/em><\/li><li><strong>Ascension droite\u00a0 :\u00a0<\/strong>\u00a0<em>05h 41m 42.6s<\/em><\/li><li><strong>D\u00e9clinaison :<\/strong>\u00a0<em>-01\u00b0 51\u2019 23\u201d\u00a0<\/em><\/li><li><strong>Distance ann\u00e9e lumi\u00e8re :<\/strong>\u00a0<em>1350 AL<\/em><\/li><li><strong>Taille apparente :<\/strong> 30<em>\u2019 x 30\u2019<\/em>\u00a0<\/li><\/ul>\t\t\t\t\t\t\t\t<\/div>\n\t\t\t\t<\/div>\n\t\t\t\t<div class=\"elementor-element elementor-element-244de58 elementor-widget elementor-widget-text-editor\" data-id=\"244de58\" data-element_type=\"widget\" data-e-type=\"widget\" data-widget_type=\"text-editor.default\">\n\t\t\t\t<div class=\"elementor-widget-container\">\n\t\t\t\t\t\t\t\t\t<p><a href=\"http:\/\/boks-meteo-lancrans.fr\/index.php\/2025\/02\/19\/ngc-2024-la-nebuleuse-de-la-flamme\/\">Infos compl\u00e9mentaires<\/a><\/p>\t\t\t\t\t\t\t\t<\/div>\n\t\t\t\t<\/div>\n\t\t\t\t<\/div>\n\t\t\t\t\t<\/div>\n\t\t\t\t<\/div>\n\t\t<div class=\"elementor-element elementor-element-5497851 e-flex e-con-boxed e-con e-parent\" data-id=\"5497851\" data-element_type=\"container\" data-e-type=\"container\">\n\t\t\t\t\t<div class=\"e-con-inner\">\n\t\t<div class=\"elementor-element elementor-element-88747a9 e-con-full e-flex e-con e-child\" data-id=\"88747a9\" data-element_type=\"container\" data-e-type=\"container\">\n\t\t\t\t<div class=\"elementor-element elementor-element-a4c5f4e elementor-widget elementor-widget-image\" data-id=\"a4c5f4e\" data-element_type=\"widget\" data-e-type=\"widget\" data-widget_type=\"image.default\">\n\t\t\t\t<div class=\"elementor-widget-container\">\n\t\t\t\t\t\t\t\t\t\t\t\t\t\t\t<img loading=\"lazy\" decoding=\"async\" width=\"581\" height=\"425\" src=\"http:\/\/boks-meteo-lancrans.fr\/wp-content\/uploads\/2025\/02\/IC-434-16_02_25-18mn-mod-rotated.jpg\" class=\"attachment-large size-large wp-image-3740\" alt=\"\" srcset=\"http:\/\/boks-meteo-lancrans.fr\/wp-content\/uploads\/2025\/02\/IC-434-16_02_25-18mn-mod-rotated.jpg 581w, http:\/\/boks-meteo-lancrans.fr\/wp-content\/uploads\/2025\/02\/IC-434-16_02_25-18mn-mod-300x219.jpg 300w\" sizes=\"(max-width: 581px) 100vw, 581px\" \/>\t\t\t\t\t\t\t\t\t\t\t\t\t\t\t<\/div>\n\t\t\t\t<\/div>\n\t\t\t\t<\/div>\n\t\t<div class=\"elementor-element elementor-element-6b45856 e-con-full e-flex e-con e-child\" data-id=\"6b45856\" data-element_type=\"container\" data-e-type=\"container\">\n\t\t\t\t<div class=\"elementor-element elementor-element-540c5f8 elementor-widget elementor-widget-heading\" data-id=\"540c5f8\" data-element_type=\"widget\" data-e-type=\"widget\" data-widget_type=\"heading.default\">\n\t\t\t\t<div class=\"elementor-widget-container\">\n\t\t\t\t\t<h2 class=\"elementor-heading-title elementor-size-default\">IC 434 - T\u00eate de cheval<\/h2>\t\t\t\t<\/div>\n\t\t\t\t<\/div>\n\t\t\t\t<div class=\"elementor-element elementor-element-fbfd833 elementor-widget elementor-widget-text-editor\" data-id=\"fbfd833\" data-element_type=\"widget\" data-e-type=\"widget\" data-widget_type=\"text-editor.default\">\n\t\t\t\t<div class=\"elementor-widget-container\">\n\t\t\t\t\t\t\t\t\t<ul><li><strong>Type : <\/strong>N\u00e9buleuse obscure<\/li><li><strong>Constellation :<\/strong> Orion<\/li><li><strong>Magnitude :<\/strong> <em>?<\/em><\/li><li><strong>Ascension droite\u00a0 :\u00a0<\/strong> <em>05h 40m 59s<\/em><\/li><li><strong>D\u00e9clinaison :<\/strong> <em>-02\u00b0 27\u2019 30\u201d\u00a0<\/em><\/li><li><strong>Distance ann\u00e9e lumi\u00e8re :<\/strong> <em>1500 AL<\/em><\/li><li><strong>Taille apparente :<\/strong> <em>8\u2019 x 6\u2019<\/em>\u00a0<\/li><\/ul>\t\t\t\t\t\t\t\t<\/div>\n\t\t\t\t<\/div>\n\t\t\t\t<div class=\"elementor-element elementor-element-d7b93ff elementor-widget elementor-widget-text-editor\" data-id=\"d7b93ff\" data-element_type=\"widget\" data-e-type=\"widget\" data-widget_type=\"text-editor.default\">\n\t\t\t\t<div class=\"elementor-widget-container\">\n\t\t\t\t\t\t\t\t\t<p><a href=\"http:\/\/boks-meteo-lancrans.fr\/index.php\/2025\/02\/17\/ic-434-nebuleuse-dite-tete-de-cheval\/\">Infos compl\u00e9mentaires<\/a><\/p>\t\t\t\t\t\t\t\t<\/div>\n\t\t\t\t<\/div>\n\t\t\t\t<\/div>\n\t\t\t\t\t<\/div>\n\t\t\t\t<\/div>\n\t\t<div class=\"elementor-element elementor-element-f12330b e-flex e-con-boxed e-con e-parent\" data-id=\"f12330b\" data-element_type=\"container\" data-e-type=\"container\">\n\t\t\t\t\t<div class=\"e-con-inner\">\n\t\t<div class=\"elementor-element elementor-element-2ad9f1a e-con-full e-flex e-con e-child\" data-id=\"2ad9f1a\" data-element_type=\"container\" data-e-type=\"container\">\n\t\t\t\t<div class=\"elementor-element elementor-element-6f5dd2f elementor-widget elementor-widget-image\" data-id=\"6f5dd2f\" data-element_type=\"widget\" data-e-type=\"widget\" data-widget_type=\"image.default\">\n\t\t\t\t<div class=\"elementor-widget-container\">\n\t\t\t\t\t\t\t\t\t\t\t\t<figure class=\"wp-caption\">\n\t\t\t\t\t\t\t\t\t\t<img loading=\"lazy\" decoding=\"async\" width=\"526\" height=\"465\" src=\"http:\/\/boks-meteo-lancrans.fr\/wp-content\/uploads\/2024\/10\/Comete-C_2023-traitee-526x465.jpg\" class=\"attachment-bam-list size-bam-list wp-image-3075\" alt=\"\" \/>\t\t\t\t\t\t\t\t\t\t\t<figcaption class=\"widget-image-caption wp-caption-text\">Photo r\u00e9alis\u00e9e le 20 octobre 2024<\/figcaption>\n\t\t\t\t\t\t\t\t\t\t<\/figure>\n\t\t\t\t\t\t\t\t\t<\/div>\n\t\t\t\t<\/div>\n\t\t\t\t<\/div>\n\t\t<div class=\"elementor-element elementor-element-3841f9c e-con-full e-flex e-con e-child\" data-id=\"3841f9c\" data-element_type=\"container\" data-e-type=\"container\">\n\t\t\t\t<div class=\"elementor-element elementor-element-a7206b4 elementor-widget elementor-widget-heading\" data-id=\"a7206b4\" data-element_type=\"widget\" data-e-type=\"widget\" data-widget_type=\"heading.default\">\n\t\t\t\t<div class=\"elementor-widget-container\">\n\t\t\t\t\t<h2 class=\"elementor-heading-title elementor-size-default\">C\/2023 A3 (Tsuchinshan-ATLAS)<\/h2>\t\t\t\t<\/div>\n\t\t\t\t<\/div>\n\t\t\t\t<div class=\"elementor-element elementor-element-d835a05 elementor-widget elementor-widget-text-editor\" data-id=\"d835a05\" data-element_type=\"widget\" data-e-type=\"widget\" data-widget_type=\"text-editor.default\">\n\t\t\t\t<div class=\"elementor-widget-container\">\n\t\t\t\t\t\t\t\t\t<p>C&rsquo;est une\u00a0com\u00e8te\u00a0\u00e0 longue p\u00e9riode qui a \u00e9t\u00e9 d\u00e9couverte en 2023, de fa\u00e7on ind\u00e9pendante, par l&rsquo;Observatoire de la Montagne Pourpre (Tsuchinshan) le 9 janvier 2023 et par l&rsquo;Asteroid Terrestrial-impact Last Alert System<span style=\"font-size: 1.125rem;\">\u00a0(ATLAS) le 22 f\u00e9vrier 2023<\/span><sup id=\"cite_ref-4\" class=\"reference\"><\/sup><span style=\"font-size: 1.125rem;\">.<\/span><\/p><p>Photo r\u00e9alis\u00e9e avec un t\u00e9l\u00e9scope Seestar S50 et un traitement avec le logiciel SIRIL.<\/p>\t\t\t\t\t\t\t\t<\/div>\n\t\t\t\t<\/div>\n\t\t\t\t<\/div>\n\t\t\t\t\t<\/div>\n\t\t\t\t<\/div>\n\t\t<div class=\"elementor-element elementor-element-8c9e7ac e-flex e-con-boxed e-con e-parent\" data-id=\"8c9e7ac\" data-element_type=\"container\" data-e-type=\"container\">\n\t\t\t\t\t<div class=\"e-con-inner\">\n\t\t<div class=\"elementor-element elementor-element-b1b7f01 e-con-full e-flex e-con e-child\" data-id=\"b1b7f01\" data-element_type=\"container\" data-e-type=\"container\">\n\t\t\t\t<div class=\"elementor-element elementor-element-87fb58f elementor-widget elementor-widget-image\" data-id=\"87fb58f\" data-element_type=\"widget\" data-e-type=\"widget\" data-widget_type=\"image.default\">\n\t\t\t\t<div class=\"elementor-widget-container\">\n\t\t\t\t\t\t\t\t\t\t\t\t<figure class=\"wp-caption\">\n\t\t\t\t\t\t\t\t\t\t<img loading=\"lazy\" decoding=\"async\" width=\"496\" height=\"332\" src=\"http:\/\/boks-meteo-lancrans.fr\/wp-content\/uploads\/2024\/08\/M51_corrige_10_08_24.jpg\" class=\"attachment-large size-large wp-image-2467\" alt=\"\" srcset=\"http:\/\/boks-meteo-lancrans.fr\/wp-content\/uploads\/2024\/08\/M51_corrige_10_08_24.jpg 496w, http:\/\/boks-meteo-lancrans.fr\/wp-content\/uploads\/2024\/08\/M51_corrige_10_08_24-300x201.jpg 300w\" sizes=\"(max-width: 496px) 100vw, 496px\" \/>\t\t\t\t\t\t\t\t\t\t\t<figcaption class=\"widget-image-caption wp-caption-text\">Photo r\u00e9alis\u00e9e le 10 ao\u00fbt 2024<\/figcaption>\n\t\t\t\t\t\t\t\t\t\t<\/figure>\n\t\t\t\t\t\t\t\t\t<\/div>\n\t\t\t\t<\/div>\n\t\t\t\t<\/div>\n\t\t<div class=\"elementor-element elementor-element-632ae6b e-con-full e-flex e-con e-child\" data-id=\"632ae6b\" data-element_type=\"container\" data-e-type=\"container\">\n\t\t\t\t<div class=\"elementor-element elementor-element-fd5d5a7 elementor-widget elementor-widget-heading\" data-id=\"fd5d5a7\" data-element_type=\"widget\" data-e-type=\"widget\" data-widget_type=\"heading.default\">\n\t\t\t\t<div class=\"elementor-widget-container\">\n\t\t\t\t\t<h2 class=\"elementor-heading-title elementor-size-default\">Galaxie du tourbillon - M51<\/h2>\t\t\t\t<\/div>\n\t\t\t\t<\/div>\n\t\t\t\t<div class=\"elementor-element elementor-element-1a16438 elementor-widget elementor-widget-text-editor\" data-id=\"1a16438\" data-element_type=\"widget\" data-e-type=\"widget\" data-widget_type=\"text-editor.default\">\n\t\t\t\t<div class=\"elementor-widget-container\">\n\t\t\t\t\t\t\t\t\t<ul><li><strong>Type : <\/strong>Galaxie spirale<\/li><li><strong>Constellation :<\/strong> Les Chiens de Chasse<\/li><li><strong>Magnitude :<\/strong> 8,4<\/li><li><strong>Ascension droite\u00a0 :\u00a0<\/strong> 13 : 29,9 (h:mn)<\/li><li><strong>D\u00e9clinaison :<\/strong>\u00a0 +47\u00b0 12 m<\/li><li><strong>Distance ann\u00e9e lumi\u00e8re :<\/strong> 37 000<\/li><li><strong>Taille apparente :<\/strong> 11&#215;7 (min. d&rsquo;arc)<\/li><\/ul>\t\t\t\t\t\t\t\t<\/div>\n\t\t\t\t<\/div>\n\t\t\t\t<div class=\"elementor-element elementor-element-d92ec56 elementor-widget elementor-widget-text-editor\" data-id=\"d92ec56\" data-element_type=\"widget\" data-e-type=\"widget\" data-widget_type=\"text-editor.default\">\n\t\t\t\t<div class=\"elementor-widget-container\">\n\t\t\t\t\t\t\t\t\t<p><a href=\"http:\/\/boks-meteo-lancrans.fr\/index.php\/2024\/08\/14\/la-galaxie-du-tourbillon-m-51\/\" data-wplink-edit=\"true\">Description de M51<\/a><\/p>\t\t\t\t\t\t\t\t<\/div>\n\t\t\t\t<\/div>\n\t\t\t\t<\/div>\n\t\t\t\t\t<\/div>\n\t\t\t\t<\/div>\n\t\t<div class=\"elementor-element elementor-element-bebc9bf e-flex e-con-boxed e-con e-parent\" data-id=\"bebc9bf\" data-element_type=\"container\" data-e-type=\"container\">\n\t\t\t\t\t<div class=\"e-con-inner\">\n\t\t<div class=\"elementor-element elementor-element-bd2f69e e-con-full e-flex e-con e-child\" data-id=\"bd2f69e\" data-element_type=\"container\" data-e-type=\"container\">\n\t\t\t\t<div class=\"elementor-element elementor-element-85a7c28 elementor-widget elementor-widget-image\" data-id=\"85a7c28\" data-element_type=\"widget\" data-e-type=\"widget\" data-widget_type=\"image.default\">\n\t\t\t\t<div class=\"elementor-widget-container\">\n\t\t\t\t\t\t\t\t\t\t\t\t\t\t\t<img loading=\"lazy\" decoding=\"async\" width=\"639\" height=\"530\" src=\"http:\/\/boks-meteo-lancrans.fr\/wp-content\/uploads\/2024\/09\/M16_Lr-639x530.jpg\" class=\"attachment-bam-featured size-bam-featured wp-image-2847\" alt=\"\" \/>\t\t\t\t\t\t\t\t\t\t\t\t\t\t\t<\/div>\n\t\t\t\t<\/div>\n\t\t\t\t<\/div>\n\t\t<div class=\"elementor-element elementor-element-43eca68 e-con-full e-flex e-con e-child\" data-id=\"43eca68\" data-element_type=\"container\" data-e-type=\"container\">\n\t\t\t\t<div class=\"elementor-element elementor-element-2fc3c12 elementor-widget elementor-widget-heading\" data-id=\"2fc3c12\" data-element_type=\"widget\" data-e-type=\"widget\" data-widget_type=\"heading.default\">\n\t\t\t\t<div class=\"elementor-widget-container\">\n\t\t\t\t\t<h2 class=\"elementor-heading-title elementor-size-default\">M 16 - Amas ouvert<\/h2>\t\t\t\t<\/div>\n\t\t\t\t<\/div>\n\t\t\t\t<div class=\"elementor-element elementor-element-06611df elementor-widget elementor-widget-text-editor\" data-id=\"06611df\" data-element_type=\"widget\" data-e-type=\"widget\" data-widget_type=\"text-editor.default\">\n\t\t\t\t<div class=\"elementor-widget-container\">\n\t\t\t\t\t\t\t\t\t<ul><li><strong>Type : <\/strong>amas ouvert<\/li><li><strong>Constellation :<\/strong> Du serpent<\/li><li><strong>Magnitude :<\/strong> 6<\/li><li><strong>Ascension droite\u00a0 :\u00a0<\/strong> 18 : 18,48 (h:mn)<\/li><li><strong>D\u00e9clinaison :<\/strong>\u00a0 -13\u00b0 48 m<\/li><li><strong>Distance ann\u00e9e lumi\u00e8re :<\/strong> 5160<\/li><li><strong>Taille apparente :<\/strong>\u00a0<\/li><\/ul>\t\t\t\t\t\t\t\t<\/div>\n\t\t\t\t<\/div>\n\t\t\t\t<\/div>\n\t\t\t\t\t<\/div>\n\t\t\t\t<\/div>\n\t\t<div class=\"elementor-element elementor-element-85fc082 e-flex e-con-boxed e-con e-parent\" data-id=\"85fc082\" data-element_type=\"container\" data-e-type=\"container\">\n\t\t\t\t\t<div class=\"e-con-inner\">\n\t\t<div class=\"elementor-element elementor-element-b0b97ef e-con-full e-flex e-con e-child\" data-id=\"b0b97ef\" data-element_type=\"container\" data-e-type=\"container\">\n\t\t\t\t<div class=\"elementor-element elementor-element-790fd66 elementor-widget elementor-widget-image\" data-id=\"790fd66\" data-element_type=\"widget\" data-e-type=\"widget\" data-widget_type=\"image.default\">\n\t\t\t\t<div class=\"elementor-widget-container\">\n\t\t\t\t\t\t\t\t\t\t\t\t<figure class=\"wp-caption\">\n\t\t\t\t\t\t\t\t\t\t<img loading=\"lazy\" decoding=\"async\" width=\"413\" height=\"287\" src=\"http:\/\/boks-meteo-lancrans.fr\/wp-content\/uploads\/2024\/08\/M-3-modifie.jpg\" class=\"attachment-large size-large wp-image-2416\" alt=\"\" srcset=\"http:\/\/boks-meteo-lancrans.fr\/wp-content\/uploads\/2024\/08\/M-3-modifie.jpg 413w, http:\/\/boks-meteo-lancrans.fr\/wp-content\/uploads\/2024\/08\/M-3-modifie-300x208.jpg 300w\" sizes=\"(max-width: 413px) 100vw, 413px\" \/>\t\t\t\t\t\t\t\t\t\t\t<figcaption class=\"widget-image-caption wp-caption-text\">Photo r\u00e9alis\u00e9e le 4 ao\u00fbt 2024<\/figcaption>\n\t\t\t\t\t\t\t\t\t\t<\/figure>\n\t\t\t\t\t\t\t\t\t<\/div>\n\t\t\t\t<\/div>\n\t\t\t\t<\/div>\n\t\t<div class=\"elementor-element elementor-element-04f9326 e-con-full e-flex e-con e-child\" data-id=\"04f9326\" data-element_type=\"container\" data-e-type=\"container\">\n\t\t\t\t<div class=\"elementor-element elementor-element-663456f elementor-widget elementor-widget-heading\" data-id=\"663456f\" data-element_type=\"widget\" data-e-type=\"widget\" data-widget_type=\"heading.default\">\n\t\t\t\t<div class=\"elementor-widget-container\">\n\t\t\t\t\t<h2 class=\"elementor-heading-title elementor-size-default\">M 3 - Amas Globulaire<\/h2>\t\t\t\t<\/div>\n\t\t\t\t<\/div>\n\t\t\t\t<div class=\"elementor-element elementor-element-a46cb1f elementor-widget elementor-widget-text-editor\" data-id=\"a46cb1f\" data-element_type=\"widget\" data-e-type=\"widget\" data-widget_type=\"text-editor.default\">\n\t\t\t\t<div class=\"elementor-widget-container\">\n\t\t\t\t\t\t\t\t\t<ul><li><strong>Type : <\/strong>Amas globulaire<\/li><li><strong>Constellation :<\/strong> Les Chiens de Chasse<\/li><li><strong>Magnitude :<\/strong> 6,2<\/li><li><strong>Ascension droite\u00a0 :\u00a0<\/strong> 13 : 42,2 (h:mn)<\/li><li><strong>D\u00e9clinaison :<\/strong>\u00a0 +28\u00b0 23 mn<\/li><li><strong>Distance ann\u00e9e lumi\u00e8re :<\/strong> 33 900<\/li><li><strong>Taille apparente :<\/strong> 18,0 (min. d&rsquo;arc)<\/li><\/ul>\t\t\t\t\t\t\t\t<\/div>\n\t\t\t\t<\/div>\n\t\t\t\t<\/div>\n\t\t\t\t\t<\/div>\n\t\t\t\t<\/div>\n\t\t<div class=\"elementor-element elementor-element-64473df e-flex e-con-boxed e-con e-parent\" data-id=\"64473df\" data-element_type=\"container\" data-e-type=\"container\">\n\t\t\t\t\t<div class=\"e-con-inner\">\n\t\t<div class=\"elementor-element elementor-element-5e6a898 e-con-full e-flex e-con e-child\" data-id=\"5e6a898\" data-element_type=\"container\" data-e-type=\"container\">\n\t\t\t\t<div class=\"elementor-element elementor-element-1ea0d05 elementor-widget elementor-widget-image\" data-id=\"1ea0d05\" data-element_type=\"widget\" data-e-type=\"widget\" data-widget_type=\"image.default\">\n\t\t\t\t<div class=\"elementor-widget-container\">\n\t\t\t\t\t\t\t\t\t\t\t\t<figure class=\"wp-caption\">\n\t\t\t\t\t\t\t\t\t\t<img loading=\"lazy\" decoding=\"async\" width=\"890\" height=\"530\" src=\"http:\/\/boks-meteo-lancrans.fr\/wp-content\/uploads\/2024\/09\/M-13-lr-890x530.jpg\" class=\"attachment-bam-featured size-bam-featured wp-image-2918\" alt=\"\" srcset=\"http:\/\/boks-meteo-lancrans.fr\/wp-content\/uploads\/2024\/09\/M-13-lr-890x530.jpg 890w, http:\/\/boks-meteo-lancrans.fr\/wp-content\/uploads\/2024\/09\/M-13-lr-445x265.jpg 445w\" sizes=\"(max-width: 890px) 100vw, 890px\" \/>\t\t\t\t\t\t\t\t\t\t\t<figcaption class=\"widget-image-caption wp-caption-text\">Photo r\u00e9alis\u00e9e le 4 ao\u00fbt 2024<\/figcaption>\n\t\t\t\t\t\t\t\t\t\t<\/figure>\n\t\t\t\t\t\t\t\t\t<\/div>\n\t\t\t\t<\/div>\n\t\t\t\t<\/div>\n\t\t<div class=\"elementor-element elementor-element-6ef08aa e-con-full e-flex e-con e-child\" data-id=\"6ef08aa\" data-element_type=\"container\" data-e-type=\"container\">\n\t\t\t\t<div class=\"elementor-element elementor-element-ae44e95 elementor-widget elementor-widget-heading\" data-id=\"ae44e95\" data-element_type=\"widget\" data-e-type=\"widget\" data-widget_type=\"heading.default\">\n\t\t\t\t<div class=\"elementor-widget-container\">\n\t\t\t\t\t<h2 class=\"elementor-heading-title elementor-size-default\">M 13 - Le grand amas d'hercule<\/h2>\t\t\t\t<\/div>\n\t\t\t\t<\/div>\n\t\t\t\t<div class=\"elementor-element elementor-element-71f21cf elementor-widget elementor-widget-text-editor\" data-id=\"71f21cf\" data-element_type=\"widget\" data-e-type=\"widget\" data-widget_type=\"text-editor.default\">\n\t\t\t\t<div class=\"elementor-widget-container\">\n\t\t\t\t\t\t\t\t\t<ul><li><strong>Type : <\/strong>Amas globulaire<\/li><li><strong>Constellation :<\/strong> Les Chiens de Chasse<\/li><li><strong>Magnitude :<\/strong> 8,4<\/li><li><strong>Ascension droite\u00a0 :\u00a0<\/strong> 13 : 29,9 (h : mn)<\/li><li><strong>D\u00e9clinaison :<\/strong>\u00a0 +47\u00b0 12 m<\/li><li><strong>Distance ann\u00e9e lumi\u00e8re :<\/strong> 37 000<\/li><li><strong>Taille apparente :<\/strong> 11&#215;7 (min d&rsquo;arc)<\/li><\/ul>\t\t\t\t\t\t\t\t<\/div>\n\t\t\t\t<\/div>\n\t\t\t\t<div class=\"elementor-element elementor-element-278a805 elementor-widget elementor-widget-text-editor\" data-id=\"278a805\" data-element_type=\"widget\" data-e-type=\"widget\" data-widget_type=\"text-editor.default\">\n\t\t\t\t<div class=\"elementor-widget-container\">\n\t\t\t\t\t\t\t\t\t<p><a href=\"http:\/\/boks-meteo-lancrans.fr\/index.php\/2024\/09\/14\/m13-le-grand-amas-dhercule\/\">Descriptif de M13<\/a><\/p>\t\t\t\t\t\t\t\t<\/div>\n\t\t\t\t<\/div>\n\t\t\t\t<\/div>\n\t\t\t\t\t<\/div>\n\t\t\t\t<\/div>\n\t\t<div class=\"elementor-element elementor-element-f6cb1ef e-flex e-con-boxed e-con e-parent\" data-id=\"f6cb1ef\" data-element_type=\"container\" data-e-type=\"container\">\n\t\t\t\t\t<div class=\"e-con-inner\">\n\t\t<div class=\"elementor-element elementor-element-faeee2f e-con-full e-flex e-con e-child\" data-id=\"faeee2f\" data-element_type=\"container\" data-e-type=\"container\">\n\t\t\t\t<div class=\"elementor-element elementor-element-61efa81 elementor-widget elementor-widget-image\" data-id=\"61efa81\" data-element_type=\"widget\" data-e-type=\"widget\" data-widget_type=\"image.default\">\n\t\t\t\t<div class=\"elementor-widget-container\">\n\t\t\t\t\t\t\t\t\t\t\t\t<figure class=\"wp-caption\">\n\t\t\t\t\t\t\t\t\t\t<img loading=\"lazy\" decoding=\"async\" width=\"349\" height=\"215\" src=\"http:\/\/boks-meteo-lancrans.fr\/wp-content\/uploads\/2024\/08\/M-101-05_08_24-corrige.jpg\" class=\"attachment-large size-large wp-image-2504\" alt=\"\" srcset=\"http:\/\/boks-meteo-lancrans.fr\/wp-content\/uploads\/2024\/08\/M-101-05_08_24-corrige.jpg 349w, http:\/\/boks-meteo-lancrans.fr\/wp-content\/uploads\/2024\/08\/M-101-05_08_24-corrige-300x185.jpg 300w\" sizes=\"(max-width: 349px) 100vw, 349px\" \/>\t\t\t\t\t\t\t\t\t\t\t<figcaption class=\"widget-image-caption wp-caption-text\">Photo r\u00e9alis\u00e9e le 12 ao\u00fbt 2024<\/figcaption>\n\t\t\t\t\t\t\t\t\t\t<\/figure>\n\t\t\t\t\t\t\t\t\t<\/div>\n\t\t\t\t<\/div>\n\t\t\t\t<\/div>\n\t\t<div class=\"elementor-element elementor-element-8e0de50 e-con-full e-flex e-con e-child\" data-id=\"8e0de50\" data-element_type=\"container\" data-e-type=\"container\">\n\t\t\t\t<div class=\"elementor-element elementor-element-61a50d1 elementor-widget elementor-widget-heading\" data-id=\"61a50d1\" data-element_type=\"widget\" data-e-type=\"widget\" data-widget_type=\"heading.default\">\n\t\t\t\t<div class=\"elementor-widget-container\">\n\t\t\t\t\t<h2 class=\"elementor-heading-title elementor-size-default\"> Galaxie \"Pinwheel\" - M101<\/h2>\t\t\t\t<\/div>\n\t\t\t\t<\/div>\n\t\t\t\t<div class=\"elementor-element elementor-element-1419a30 elementor-widget elementor-widget-text-editor\" data-id=\"1419a30\" data-element_type=\"widget\" data-e-type=\"widget\" data-widget_type=\"text-editor.default\">\n\t\t\t\t<div class=\"elementor-widget-container\">\n\t\t\t\t\t\t\t\t\t<ul><li><strong>Type :<\/strong>Galaxie spirale<\/li><li><strong>Constellation :<\/strong> La grande Ourse<\/li><li><strong>Magnitude :<\/strong> 7,9<\/li><li><strong>Ascension droite\u00a0 :\u00a0<\/strong> 14 : 29,9 (h : mn)<\/li><li><strong>D\u00e9clinaison :<\/strong>\u00a0 +54\u00b0 21 mn<\/li><li><strong>Distance ann\u00e9e lumi\u00e8re :<\/strong> 27 000<\/li><li><strong>Taille apparente :<\/strong> 22,0 (min d&rsquo;arc)<\/li><\/ul>\t\t\t\t\t\t\t\t<\/div>\n\t\t\t\t<\/div>\n\t\t\t\t<\/div>\n\t\t\t\t\t<\/div>\n\t\t\t\t<\/div>\n\t\t<div class=\"elementor-element elementor-element-f7342f9 e-flex e-con-boxed e-con e-parent\" data-id=\"f7342f9\" data-element_type=\"container\" data-e-type=\"container\">\n\t\t\t\t\t<div class=\"e-con-inner\">\n\t\t<div class=\"elementor-element elementor-element-c04678e e-con-full e-flex e-con e-child\" data-id=\"c04678e\" data-element_type=\"container\" data-e-type=\"container\">\n\t\t\t\t<div class=\"elementor-element elementor-element-1d2d56b elementor-widget elementor-widget-image\" data-id=\"1d2d56b\" data-element_type=\"widget\" data-e-type=\"widget\" data-widget_type=\"image.default\">\n\t\t\t\t<div class=\"elementor-widget-container\">\n\t\t\t\t\t\t\t\t\t\t\t\t<figure class=\"wp-caption\">\n\t\t\t\t\t\t\t\t\t\t<img loading=\"lazy\" decoding=\"async\" width=\"528\" height=\"362\" src=\"http:\/\/boks-meteo-lancrans.fr\/wp-content\/uploads\/2024\/08\/M17-reduit.jpg\" class=\"attachment-large size-large wp-image-2661\" alt=\"\" srcset=\"http:\/\/boks-meteo-lancrans.fr\/wp-content\/uploads\/2024\/08\/M17-reduit.jpg 528w, http:\/\/boks-meteo-lancrans.fr\/wp-content\/uploads\/2024\/08\/M17-reduit-300x206.jpg 300w\" sizes=\"(max-width: 528px) 100vw, 528px\" \/>\t\t\t\t\t\t\t\t\t\t\t<figcaption class=\"widget-image-caption wp-caption-text\">Photo r\u00e9alis\u00e9e le 21 ao\u00fbt 2024<\/figcaption>\n\t\t\t\t\t\t\t\t\t\t<\/figure>\n\t\t\t\t\t\t\t\t\t<\/div>\n\t\t\t\t<\/div>\n\t\t\t\t<\/div>\n\t\t<div class=\"elementor-element elementor-element-2324e62 e-con-full e-flex e-con e-child\" data-id=\"2324e62\" data-element_type=\"container\" data-e-type=\"container\">\n\t\t\t\t<div class=\"elementor-element elementor-element-8842adb elementor-widget elementor-widget-heading\" data-id=\"8842adb\" data-element_type=\"widget\" data-e-type=\"widget\" data-widget_type=\"heading.default\">\n\t\t\t\t<div class=\"elementor-widget-container\">\n\t\t\t\t\t<h2 class=\"elementor-heading-title elementor-size-default\">M17 - Om\u00e9ga<\/h2>\t\t\t\t<\/div>\n\t\t\t\t<\/div>\n\t\t\t\t<div class=\"elementor-element elementor-element-6835939 elementor-widget elementor-widget-text-editor\" data-id=\"6835939\" data-element_type=\"widget\" data-e-type=\"widget\" data-widget_type=\"text-editor.default\">\n\t\t\t\t<div class=\"elementor-widget-container\">\n\t\t\t\t\t\t\t\t\t<ul><li><strong>Type : <\/strong>N\u00e9buleuse diffuse<\/li><li><strong>Constellation :<\/strong> Le Sagittaire<\/li><li><strong>Magnitude :<\/strong> 6<\/li><li><strong>Ascension droite\u00a0 :\u00a0<\/strong> 18 : 20.8 (h : mn)<\/li><li><strong>D\u00e9clinaison :<\/strong>\u00a0 -16\u00b0 : 11 mn<\/li><li><strong>Distance ann\u00e9e lumi\u00e8re :<\/strong> 5000<\/li><li><strong>Taille apparente :<\/strong> 11.0 (min d&rsquo;arc)<\/li><\/ul>\t\t\t\t\t\t\t\t<\/div>\n\t\t\t\t<\/div>\n\t\t\t\t<\/div>\n\t\t\t\t\t<\/div>\n\t\t\t\t<\/div>\n\t\t<div class=\"elementor-element elementor-element-bab3d6b e-flex e-con-boxed e-con e-parent\" data-id=\"bab3d6b\" data-element_type=\"container\" data-e-type=\"container\">\n\t\t\t\t\t<div class=\"e-con-inner\">\n\t\t<div class=\"elementor-element elementor-element-df1deff e-con-full e-flex e-con e-child\" data-id=\"df1deff\" data-element_type=\"container\" data-e-type=\"container\">\n\t\t\t\t<div class=\"elementor-element elementor-element-460c661 elementor-widget elementor-widget-image\" data-id=\"460c661\" data-element_type=\"widget\" data-e-type=\"widget\" data-widget_type=\"image.default\">\n\t\t\t\t<div class=\"elementor-widget-container\">\n\t\t\t\t\t\t\t\t\t\t\t\t<figure class=\"wp-caption\">\n\t\t\t\t\t\t\t\t\t\t<img loading=\"lazy\" decoding=\"async\" width=\"406\" height=\"313\" src=\"http:\/\/boks-meteo-lancrans.fr\/wp-content\/uploads\/2024\/08\/M-20-reduit.jpg\" class=\"attachment-large size-large wp-image-2671\" alt=\"\" srcset=\"http:\/\/boks-meteo-lancrans.fr\/wp-content\/uploads\/2024\/08\/M-20-reduit.jpg 406w, http:\/\/boks-meteo-lancrans.fr\/wp-content\/uploads\/2024\/08\/M-20-reduit-300x231.jpg 300w\" sizes=\"(max-width: 406px) 100vw, 406px\" \/>\t\t\t\t\t\t\t\t\t\t\t<figcaption class=\"widget-image-caption wp-caption-text\">Photo r\u00e9alis\u00e9e le 21 ao\u00fbt 2024<\/figcaption>\n\t\t\t\t\t\t\t\t\t\t<\/figure>\n\t\t\t\t\t\t\t\t\t<\/div>\n\t\t\t\t<\/div>\n\t\t\t\t<\/div>\n\t\t<div class=\"elementor-element elementor-element-79701e3 e-con-full e-flex e-con e-child\" data-id=\"79701e3\" data-element_type=\"container\" data-e-type=\"container\">\n\t\t\t\t<div class=\"elementor-element elementor-element-f19de99 elementor-widget elementor-widget-heading\" data-id=\"f19de99\" data-element_type=\"widget\" data-e-type=\"widget\" data-widget_type=\"heading.default\">\n\t\t\t\t<div class=\"elementor-widget-container\">\n\t\t\t\t\t<h2 class=\"elementor-heading-title elementor-size-default\">M20 - N\u00e9buleuse Trifide<\/h2>\t\t\t\t<\/div>\n\t\t\t\t<\/div>\n\t\t\t\t<div class=\"elementor-element elementor-element-7ad29ee elementor-widget elementor-widget-text-editor\" data-id=\"7ad29ee\" data-element_type=\"widget\" data-e-type=\"widget\" data-widget_type=\"text-editor.default\">\n\t\t\t\t<div class=\"elementor-widget-container\">\n\t\t\t\t\t\t\t\t\t<ul><li><strong>Type : <\/strong>N\u00e9buleuse diffuse<\/li><li><strong>Constellation :<\/strong> Le Sagittaire<\/li><li><strong>Magnitude :<\/strong> 9<\/li><li><strong>Ascension droite\u00a0 :\u00a0<\/strong> 18 : 02.6 (h : mn)<\/li><li><strong>D\u00e9clinaison :<\/strong>\u00a0 -23\u00b0 : 02 mn<\/li><li><strong>Distance ann\u00e9e lumi\u00e8re :<\/strong> 5 200<\/li><li><strong>Taille apparente :<\/strong> 28.0 (min d&rsquo;arc)<\/li><\/ul>\t\t\t\t\t\t\t\t<\/div>\n\t\t\t\t<\/div>\n\t\t\t\t<\/div>\n\t\t\t\t\t<\/div>\n\t\t\t\t<\/div>\n\t\t<div class=\"elementor-element elementor-element-95ad122 e-flex e-con-boxed e-con e-parent\" data-id=\"95ad122\" data-element_type=\"container\" data-e-type=\"container\">\n\t\t\t\t\t<div class=\"e-con-inner\">\n\t\t<div class=\"elementor-element elementor-element-d06dd31 e-con-full e-flex e-con e-child\" data-id=\"d06dd31\" data-element_type=\"container\" data-e-type=\"container\">\n\t\t\t\t<div class=\"elementor-element elementor-element-0f9dc72 elementor-widget__width-initial elementor-widget elementor-widget-image\" data-id=\"0f9dc72\" data-element_type=\"widget\" data-e-type=\"widget\" data-widget_type=\"image.default\">\n\t\t\t\t<div class=\"elementor-widget-container\">\n\t\t\t\t\t\t\t\t\t\t\t\t<figure class=\"wp-caption\">\n\t\t\t\t\t\t\t\t\t\t<img loading=\"lazy\" decoding=\"async\" width=\"1080\" height=\"800\" src=\"http:\/\/boks-meteo-lancrans.fr\/wp-content\/uploads\/2024\/09\/M8-redresse-1080x800.jpg\" class=\"attachment-bam-large size-bam-large wp-image-2741\" alt=\"\" \/>\t\t\t\t\t\t\t\t\t\t\t<figcaption class=\"widget-image-caption wp-caption-text\">Photo r\u00e9alis\u00e9e le 28 Ao\u00fbt 2024<\/figcaption>\n\t\t\t\t\t\t\t\t\t\t<\/figure>\n\t\t\t\t\t\t\t\t\t<\/div>\n\t\t\t\t<\/div>\n\t\t\t\t<\/div>\n\t\t<div class=\"elementor-element elementor-element-4c3d6c1 e-con-full e-flex e-con e-child\" data-id=\"4c3d6c1\" data-element_type=\"container\" data-e-type=\"container\">\n\t\t\t\t<div class=\"elementor-element elementor-element-0953f99 elementor-widget elementor-widget-heading\" data-id=\"0953f99\" data-element_type=\"widget\" data-e-type=\"widget\" data-widget_type=\"heading.default\">\n\t\t\t\t<div class=\"elementor-widget-container\">\n\t\t\t\t\t<h2 class=\"elementor-heading-title elementor-size-default\">M8 - N\u00e9buleuse de la Lagune<\/h2>\t\t\t\t<\/div>\n\t\t\t\t<\/div>\n\t\t\t\t<div class=\"elementor-element elementor-element-9d44cc6 elementor-widget elementor-widget-text-editor\" data-id=\"9d44cc6\" data-element_type=\"widget\" data-e-type=\"widget\" data-widget_type=\"text-editor.default\">\n\t\t\t\t<div class=\"elementor-widget-container\">\n\t\t\t\t\t\t\t\t\t<ul><li><strong>Type : <\/strong>N\u00e9buleuse diffuse<\/li><li><strong>Constellation :<\/strong> Le Sagittaire<\/li><li><strong>Magnitude :<\/strong> 6<\/li><li><strong>Ascension droite\u00a0 :\u00a0<\/strong> 18 : 03.37s (h : mn)<\/li><li><strong>D\u00e9clinaison :<\/strong>\u00a0 -24\u00b0 : 22 mn<\/li><li><strong>Distance ann\u00e9e lumi\u00e8re :<\/strong> 5 200<\/li><li><strong>Taille apparente : 45 x 30<\/strong>\u00a0(min d&rsquo;arc)<\/li><\/ul>\t\t\t\t\t\t\t\t<\/div>\n\t\t\t\t<\/div>\n\t\t\t\t<div class=\"elementor-element elementor-element-2ed486f elementor-widget elementor-widget-text-editor\" data-id=\"2ed486f\" data-element_type=\"widget\" data-e-type=\"widget\" data-widget_type=\"text-editor.default\">\n\t\t\t\t<div class=\"elementor-widget-container\">\n\t\t\t\t\t\t\t\t\t<p>Description :\u00a0<a href=\"http:\/\/boks-meteo-lancrans.fr\/index.php\/2024\/09\/03\/la-nebuleuse-de-la-lagune-m-8\/\">La N\u00e9buleuse de la Lagune : M 8<\/a><\/p>\t\t\t\t\t\t\t\t<\/div>\n\t\t\t\t<\/div>\n\t\t\t\t<\/div>\n\t\t\t\t\t<\/div>\n\t\t\t\t<\/div>\n\t\t<div class=\"elementor-element elementor-element-890b1f8 e-flex e-con-boxed e-con e-parent\" data-id=\"890b1f8\" data-element_type=\"container\" data-e-type=\"container\">\n\t\t\t\t\t<div class=\"e-con-inner\">\n\t\t<div class=\"elementor-element elementor-element-83e7cd1 e-con-full e-flex e-con e-child\" data-id=\"83e7cd1\" data-element_type=\"container\" data-e-type=\"container\">\n\t\t\t\t<div class=\"elementor-element elementor-element-dee798b elementor-widget elementor-widget-image\" data-id=\"dee798b\" data-element_type=\"widget\" data-e-type=\"widget\" data-widget_type=\"image.default\">\n\t\t\t\t<div class=\"elementor-widget-container\">\n\t\t\t\t\t\t\t\t\t\t\t\t<figure class=\"wp-caption\">\n\t\t\t\t\t\t\t\t\t\t<img loading=\"lazy\" decoding=\"async\" width=\"460\" height=\"287\" src=\"http:\/\/boks-meteo-lancrans.fr\/wp-content\/uploads\/2024\/09\/M-22-AsiStudio-06_09_24.jpg\" class=\"attachment-large size-large wp-image-2814\" alt=\"\" srcset=\"http:\/\/boks-meteo-lancrans.fr\/wp-content\/uploads\/2024\/09\/M-22-AsiStudio-06_09_24.jpg 460w, http:\/\/boks-meteo-lancrans.fr\/wp-content\/uploads\/2024\/09\/M-22-AsiStudio-06_09_24-300x187.jpg 300w\" sizes=\"(max-width: 460px) 100vw, 460px\" \/>\t\t\t\t\t\t\t\t\t\t\t<figcaption class=\"widget-image-caption wp-caption-text\">Photo r\u00e9alis\u00e9e le 23 Ao\u00fbt 2024<\/figcaption>\n\t\t\t\t\t\t\t\t\t\t<\/figure>\n\t\t\t\t\t\t\t\t\t<\/div>\n\t\t\t\t<\/div>\n\t\t\t\t<\/div>\n\t\t<div class=\"elementor-element elementor-element-57b172b e-con-full e-flex e-con e-child\" data-id=\"57b172b\" data-element_type=\"container\" data-e-type=\"container\">\n\t\t\t\t<div class=\"elementor-element elementor-element-1cbac1d elementor-widget elementor-widget-heading\" data-id=\"1cbac1d\" data-element_type=\"widget\" data-e-type=\"widget\" data-widget_type=\"heading.default\">\n\t\t\t\t<div class=\"elementor-widget-container\">\n\t\t\t\t\t<h2 class=\"elementor-heading-title elementor-size-default\">M 22 - Grand Amas du Sagittaire<\/h2>\t\t\t\t<\/div>\n\t\t\t\t<\/div>\n\t\t\t\t<div class=\"elementor-element elementor-element-ea6acc2 elementor-widget elementor-widget-text-editor\" data-id=\"ea6acc2\" data-element_type=\"widget\" data-e-type=\"widget\" data-widget_type=\"text-editor.default\">\n\t\t\t\t<div class=\"elementor-widget-container\">\n\t\t\t\t\t\t\t\t\t<ul><li><strong>Type : <\/strong>Amas globulaire<\/li><li><strong>Constellation :<\/strong> Le Sagittaire<\/li><li><strong>Magnitude :<\/strong> 5.1<\/li><li><strong>Ascension droite\u00a0 :\u00a0<\/strong> 18 : 36.4 (h : mn)<\/li><li><strong>D\u00e9clinaison :<\/strong>\u00a0 -23\u00b0 : 54 mn<\/li><li><strong>Distance ann\u00e9e lumi\u00e8re :<\/strong> 10400<\/li><li><strong>Taille apparente : <\/strong>32\u00a0(min d&rsquo;arc)<\/li><\/ul>\t\t\t\t\t\t\t\t<\/div>\n\t\t\t\t<\/div>\n\t\t\t\t<\/div>\n\t\t\t\t\t<\/div>\n\t\t\t\t<\/div>\n\t\t\t\t<\/div>\n\t\t","protected":false},"excerpt":{"rendered":"<p>NGC 2237 &#8211; N\u00e9buleuse de la Rosette Type : N\u00e9buleuse Constellation :\u00a0Licorne Magnitude : 9 Ascension droite\u00a0 :\u00a0\u00a006h 30m 54.6s D\u00e9clinaison :\u00a005\u00b0 02\u2019 57\u201d\u00a0 Distance &hellip; <\/p>\n","protected":false},"author":1,"featured_media":0,"parent":0,"menu_order":0,"comment_status":"closed","ping_status":"closed","template":"","meta":{"footnotes":""},"class_list":["post-2394","page","type-page","status-publish","hentry"],"_links":{"self":[{"href":"http:\/\/boks-meteo-lancrans.fr\/index.php\/wp-json\/wp\/v2\/pages\/2394","targetHints":{"allow":["GET"]}}],"collection":[{"href":"http:\/\/boks-meteo-lancrans.fr\/index.php\/wp-json\/wp\/v2\/pages"}],"about":[{"href":"http:\/\/boks-meteo-lancrans.fr\/index.php\/wp-json\/wp\/v2\/types\/page"}],"author":[{"embeddable":true,"href":"http:\/\/boks-meteo-lancrans.fr\/index.php\/wp-json\/wp\/v2\/users\/1"}],"replies":[{"embeddable":true,"href":"http:\/\/boks-meteo-lancrans.fr\/index.php\/wp-json\/wp\/v2\/comments?post=2394"}],"version-history":[{"count":137,"href":"http:\/\/boks-meteo-lancrans.fr\/index.php\/wp-json\/wp\/v2\/pages\/2394\/revisions"}],"predecessor-version":[{"id":5067,"href":"http:\/\/boks-meteo-lancrans.fr\/index.php\/wp-json\/wp\/v2\/pages\/2394\/revisions\/5067"}],"wp:attachment":[{"href":"http:\/\/boks-meteo-lancrans.fr\/index.php\/wp-json\/wp\/v2\/media?parent=2394"}],"curies":[{"name":"wp","href":"https:\/\/api.w.org\/{rel}","templated":true}]}}